{"id":2896,"date":"2015-10-23T11:16:58","date_gmt":"2015-10-23T11:16:58","guid":{"rendered":"http:\/\/www.escoletablaucel.es\/inicio\/?lang=ca"},"modified":"2024-04-12T09:18:20","modified_gmt":"2024-04-12T09:18:20","slug":"inicio","status":"publish","type":"page","link":"https:\/\/www.escoletablaucel.es\/ca\/","title":{"rendered":"Inici"},"content":{"rendered":"<div class=\"wpb-content-wrapper\"><p>[vc_row row_style=&#8221;full_width&#8221; css=&#8221;.vc_custom_1438958588275{margin-top: -160px !important;margin-right: 0px !important;margin-bottom: 0px !important;margin-left: 0px !important;border-top-width: 0px !important;border-right-width: 0px !important;border-bottom-width: 0px !important;border-left-width: 0px !important;padding-top: 0px !important;padding-right: 0px !important;padding-bottom: 0px !important;padding-left: 0px !important;}&#8221; idsection=&#8221;home_revslider&#8221;][vc_column css=&#8221;.vc_custom_1422369372034{margin: 0px !important;border-width: 0px !important;padding: 0px !important;}&#8221;][rev_slider_vc alias=&#8221;home_ca&#8221;][\/vc_column][\/vc_row][vc_row css=&#8221;.vc_custom_1422786156172{margin-top: 0px !important;margin-bottom: 60px !important;}&#8221; idsection=&#8221;home_focus&#8221;][vc_column css=&#8221;.vc_custom_1422569968990{margin-top: -45px !important;}&#8221; el_class=&#8221;nicdark_upper_level1&#8243;][vc_row_inner][vc_column_inner width=&#8221;1\/4&#8243;][\/vc_column_inner][vc_column_inner width=&#8221;1\/2&#8243;]\r\n\r\n    <div class=\" nicdark_textevidence nicdark_bg_yellow nicdark_shadow center\">\r\n        <div class=\"nicdark_margin30\">\r\n            <h2 class=\"white subtitle\"><a target=\"_blank\" href=\"https:\/\/caib.es\/sites\/escolaritzacio03\/ca\/solalicituds\" class=\"white\">Proc\u00e9s d'escolaritzaci\u00f3<\/a><\/h2>\r\n       <\/div>\r\n        <i class=\"nicdark_zoom  nicdark_iconbg left extrabig yellow nicdark_displaynone_ipadland nicdark_displaynone_ipadpotr\"><\/i>\r\n    <\/div>\r\n      \r\n   [\/vc_column_inner][vc_column_inner width=&#8221;1\/4&#8243;][\/vc_column_inner][\/vc_row_inner][\/vc_column][\/vc_row][vc_row][vc_column][vc_column_text]<\/p>\n<p>&nbsp;<\/p>\n<p>[\/vc_column_text][\/vc_column][\/vc_row][vc_section css=&#8221;.vc_custom_1693207472690{margin-bottom: 40px !important;}&#8221;][vc_row el_class=&#8221;container-logos&#8221;][vc_column][vc_single_image image=&#8221;18982&#8243; img_size=&#8221;full&#8221;][vc_single_image image=&#8221;18988&#8243; img_size=&#8221;full&#8221;][vc_single_image image=&#8221;18991&#8243; img_size=&#8221;full&#8221;][vc_single_image image=&#8221;18985&#8243; img_size=&#8221;full&#8221;][\/vc_column][\/vc_row][vc_row][vc_column][vc_empty_space height=&#8221;60px&#8221;][vc_column_text el_class=&#8221;codigo-centro&#8221;]<\/p>\n<h4 style=\"text-align: center;\">Centre Educatiu adherit a la Xarxa Educativa Complement\u00e0ria d\u2019Escoles Infantils p\u00fabliques de la Comunitat Aut\u00f2noma de les Illes Balears. Centre Educatiu autoritzat de Primer Cicle d&#8217;Educaci\u00f3 Infantil amb codi de centre:<\/h4>\n<p>&nbsp;<\/p>\n<h4 class=\"title\" style=\"text-align: center;\"><strong>07015173<\/strong><\/h4>\n<p>[\/vc_column_text][vc_empty_space][\/vc_column][\/vc_row][\/vc_section]<\/p>\n<\/div>","protected":false},"excerpt":{"rendered":"<p>[vc_row row_style=&#8221;full_width&#8221; css=&#8221;.vc_custom_1438958588275{margin-top: -160px !important;margin-right: 0px !important;margin-bottom: 0px !important;margin-left: 0px !important;border-top-width: 0px !important;border-right-width: 0px !important;border-bottom-width: 0px !important;border-left-width: 0px !important;padding-top: 0px !important;padding-right: 0px !important;padding-bottom: 0px !important;padding-left: 0px !important;}&#8221; idsection=&#8221;home_revslider&#8221;][vc_column css=&#8221;.vc_custom_1422369372034{margin: 0px !important;border-width: 0px !important;padding: 0px !important;}&#8221;][rev_slider_vc alias=&#8221;home_ca&#8221;][\/vc_column][\/vc_row][vc_row css=&#8221;.vc_custom_1422786156172{margin-top: 0px !important;margin-bottom: 60px !important;}&#8221; idsection=&#8221;home_focus&#8221;][vc_column css=&#8221;.vc_custom_1422569968990{margin-top: -45px !important;}&#8221; el_class=&#8221;nicdark_upper_level1&#8243;][vc_row_inner][vc_column_inner width=&#8221;1\/4&#8243;][\/vc_column_inner][vc_column_inner width=&#8221;1\/2&#8243;][\/vc_column_inner][vc_column_inner width=&#8221;1\/4&#8243;][\/vc_column_inner][\/vc_row_inner][\/vc_column][\/vc_row][vc_row][vc_column][vc_column_text] &nbsp; [\/vc_column_text][\/vc_column][\/vc_row][vc_section css=&#8221;.vc_custom_1693207472690{margin-bottom: 40px !important;}&#8221;][vc_row el_class=&#8221;container-logos&#8221;][vc_column][vc_single_image &#8230;<\/p>\n","protected":false},"author":1,"featured_media":16915,"parent":0,"menu_order":0,"comment_status":"closed","ping_status":"closed","template":"","meta":{"footnotes":""},"class_list":["post-2896","page","type-page","status-publish","has-post-thumbnail","hentry"],"yoast_head":"<!-- This site is optimized with the Yoast SEO plugin v21.8 - https:\/\/yoast.com\/wordpress\/plugins\/seo\/ -->\n<title>Inici - Escoleta Blaucel<\/title>\n<meta name=\"robots\" content=\"index, follow, max-snippet:-1, max-image-preview:large, max-video-preview:-1\" \/>\n<link rel=\"canonical\" href=\"https:\/\/www.escoletablaucel.es\/ca\/\" \/>\n<meta property=\"og:locale\" content=\"ca_ES\" \/>\n<meta property=\"og:type\" content=\"article\" \/>\n<meta property=\"og:title\" content=\"Inici - Escoleta Blaucel\" \/>\n<meta property=\"og:description\" content=\"[vc_row row_style=&#8221;full_width&#8221; css=&#8221;.vc_custom_1438958588275{margin-top: -160px !important;margin-right: 0px !important;margin-bottom: 0px !important;margin-left: 0px !important;border-top-width: 0px !important;border-right-width: 0px !important;border-bottom-width: 0px !important;border-left-width: 0px !important;padding-top: 0px !important;padding-right: 0px !important;padding-bottom: 0px !important;padding-left: 0px !important;}&#8221; idsection=&#8221;home_revslider&#8221;][vc_column css=&#8221;.vc_custom_1422369372034{margin: 0px !important;border-width: 0px !important;padding: 0px !important;}&#8221;][rev_slider_vc alias=&#8221;home_ca&#8221;][\/vc_column][\/vc_row][vc_row css=&#8221;.vc_custom_1422786156172{margin-top: 0px !important;margin-bottom: 60px !important;}&#8221; idsection=&#8221;home_focus&#8221;][vc_column css=&#8221;.vc_custom_1422569968990{margin-top: -45px !important;}&#8221; el_class=&#8221;nicdark_upper_level1&#8243;][vc_row_inner][vc_column_inner width=&#8221;1\/4&#8243;][\/vc_column_inner][vc_column_inner width=&#8221;1\/2&#8243;][\/vc_column_inner][vc_column_inner width=&#8221;1\/4&#8243;][\/vc_column_inner][\/vc_row_inner][\/vc_column][\/vc_row][vc_row][vc_column][vc_column_text] &nbsp; [\/vc_column_text][\/vc_column][\/vc_row][vc_section css=&#8221;.vc_custom_1693207472690{margin-bottom: 40px !important;}&#8221;][vc_row el_class=&#8221;container-logos&#8221;][vc_column][vc_single_image ...\" \/>\n<meta property=\"og:url\" content=\"https:\/\/www.escoletablaucel.es\/ca\/\" \/>\n<meta property=\"og:site_name\" content=\"Escoleta Blaucel\" \/>\n<meta property=\"article:modified_time\" content=\"2024-04-12T09:18:20+00:00\" \/>\n<meta property=\"og:image\" content=\"https:\/\/www.escoletablaucel.es\/wp-content\/uploads\/2015\/10\/A4546464.jpg\" \/>\n\t<meta property=\"og:image:width\" content=\"1600\" \/>\n\t<meta property=\"og:image:height\" content=\"1210\" \/>\n\t<meta property=\"og:image:type\" content=\"image\/jpeg\" \/>\n<meta name=\"twitter:card\" content=\"summary_large_image\" \/>\n<meta name=\"twitter:label1\" content=\"Temps estimat de lectura\" \/>\n\t<meta name=\"twitter:data1\" content=\"1 minut\" \/>\n<script type=\"application\/ld+json\" class=\"yoast-schema-graph\">{\"@context\":\"https:\/\/schema.org\",\"@graph\":[{\"@type\":\"WebPage\",\"@id\":\"https:\/\/www.escoletablaucel.es\/ca\/\",\"url\":\"https:\/\/www.escoletablaucel.es\/ca\/\",\"name\":\"Inici - Escoleta Blaucel\",\"isPartOf\":{\"@id\":\"https:\/\/www.escoletablaucel.es\/#website\"},\"datePublished\":\"2015-10-23T11:16:58+00:00\",\"dateModified\":\"2024-04-12T09:18:20+00:00\",\"breadcrumb\":{\"@id\":\"https:\/\/www.escoletablaucel.es\/ca\/#breadcrumb\"},\"inLanguage\":\"ca\",\"potentialAction\":[{\"@type\":\"ReadAction\",\"target\":[\"https:\/\/www.escoletablaucel.es\/ca\/\"]}]},{\"@type\":\"BreadcrumbList\",\"@id\":\"https:\/\/www.escoletablaucel.es\/ca\/#breadcrumb\",\"itemListElement\":[{\"@type\":\"ListItem\",\"position\":1,\"name\":\"Portada\",\"item\":\"https:\/\/www.escoletablaucel.es\/ca\/\"},{\"@type\":\"ListItem\",\"position\":2,\"name\":\"Inici\"}]},{\"@type\":\"WebSite\",\"@id\":\"https:\/\/www.escoletablaucel.es\/#website\",\"url\":\"https:\/\/www.escoletablaucel.es\/\",\"name\":\"Escoleta Blaucel\",\"description\":\"Centro de educaci\u00f3n infantil de primer ciclo\",\"potentialAction\":[{\"@type\":\"SearchAction\",\"target\":{\"@type\":\"EntryPoint\",\"urlTemplate\":\"https:\/\/www.escoletablaucel.es\/?s={search_term_string}\"},\"query-input\":\"required name=search_term_string\"}],\"inLanguage\":\"ca\"}]}<\/script>\n<!-- \/ Yoast SEO plugin. -->","yoast_head_json":{"title":"Inici - Escoleta Blaucel","robots":{"index":"index","follow":"follow","max-snippet":"max-snippet:-1","max-image-preview":"max-image-preview:large","max-video-preview":"max-video-preview:-1"},"canonical":"https:\/\/www.escoletablaucel.es\/ca\/","og_locale":"ca_ES","og_type":"article","og_title":"Inici - Escoleta Blaucel","og_description":"[vc_row row_style=&#8221;full_width&#8221; css=&#8221;.vc_custom_1438958588275{margin-top: -160px !important;margin-right: 0px !important;margin-bottom: 0px !important;margin-left: 0px !important;border-top-width: 0px !important;border-right-width: 0px !important;border-bottom-width: 0px !important;border-left-width: 0px !important;padding-top: 0px !important;padding-right: 0px !important;padding-bottom: 0px !important;padding-left: 0px !important;}&#8221; idsection=&#8221;home_revslider&#8221;][vc_column css=&#8221;.vc_custom_1422369372034{margin: 0px !important;border-width: 0px !important;padding: 0px !important;}&#8221;][rev_slider_vc alias=&#8221;home_ca&#8221;][\/vc_column][\/vc_row][vc_row css=&#8221;.vc_custom_1422786156172{margin-top: 0px !important;margin-bottom: 60px !important;}&#8221; idsection=&#8221;home_focus&#8221;][vc_column css=&#8221;.vc_custom_1422569968990{margin-top: -45px !important;}&#8221; el_class=&#8221;nicdark_upper_level1&#8243;][vc_row_inner][vc_column_inner width=&#8221;1\/4&#8243;][\/vc_column_inner][vc_column_inner width=&#8221;1\/2&#8243;][\/vc_column_inner][vc_column_inner width=&#8221;1\/4&#8243;][\/vc_column_inner][\/vc_row_inner][\/vc_column][\/vc_row][vc_row][vc_column][vc_column_text] &nbsp; [\/vc_column_text][\/vc_column][\/vc_row][vc_section css=&#8221;.vc_custom_1693207472690{margin-bottom: 40px !important;}&#8221;][vc_row el_class=&#8221;container-logos&#8221;][vc_column][vc_single_image ...","og_url":"https:\/\/www.escoletablaucel.es\/ca\/","og_site_name":"Escoleta Blaucel","article_modified_time":"2024-04-12T09:18:20+00:00","og_image":[{"width":1600,"height":1210,"url":"https:\/\/www.escoletablaucel.es\/wp-content\/uploads\/2015\/10\/A4546464.jpg","type":"image\/jpeg"}],"twitter_card":"summary_large_image","twitter_misc":{"Temps estimat de lectura":"1 minut"},"schema":{"@context":"https:\/\/schema.org","@graph":[{"@type":"WebPage","@id":"https:\/\/www.escoletablaucel.es\/ca\/","url":"https:\/\/www.escoletablaucel.es\/ca\/","name":"Inici - Escoleta Blaucel","isPartOf":{"@id":"https:\/\/www.escoletablaucel.es\/#website"},"datePublished":"2015-10-23T11:16:58+00:00","dateModified":"2024-04-12T09:18:20+00:00","breadcrumb":{"@id":"https:\/\/www.escoletablaucel.es\/ca\/#breadcrumb"},"inLanguage":"ca","potentialAction":[{"@type":"ReadAction","target":["https:\/\/www.escoletablaucel.es\/ca\/"]}]},{"@type":"BreadcrumbList","@id":"https:\/\/www.escoletablaucel.es\/ca\/#breadcrumb","itemListElement":[{"@type":"ListItem","position":1,"name":"Portada","item":"https:\/\/www.escoletablaucel.es\/ca\/"},{"@type":"ListItem","position":2,"name":"Inici"}]},{"@type":"WebSite","@id":"https:\/\/www.escoletablaucel.es\/#website","url":"https:\/\/www.escoletablaucel.es\/","name":"Escoleta Blaucel","description":"Centro de educaci\u00f3n infantil de primer ciclo","potentialAction":[{"@type":"SearchAction","target":{"@type":"EntryPoint","urlTemplate":"https:\/\/www.escoletablaucel.es\/?s={search_term_string}"},"query-input":"required name=search_term_string"}],"inLanguage":"ca"}]}},"_links":{"self":[{"href":"https:\/\/www.escoletablaucel.es\/ca\/wp-json\/wp\/v2\/pages\/2896","targetHints":{"allow":["GET"]}}],"collection":[{"href":"https:\/\/www.escoletablaucel.es\/ca\/wp-json\/wp\/v2\/pages"}],"about":[{"href":"https:\/\/www.escoletablaucel.es\/ca\/wp-json\/wp\/v2\/types\/page"}],"author":[{"embeddable":true,"href":"https:\/\/www.escoletablaucel.es\/ca\/wp-json\/wp\/v2\/users\/1"}],"replies":[{"embeddable":true,"href":"https:\/\/www.escoletablaucel.es\/ca\/wp-json\/wp\/v2\/comments?post=2896"}],"version-history":[{"count":26,"href":"https:\/\/www.escoletablaucel.es\/ca\/wp-json\/wp\/v2\/pages\/2896\/revisions"}],"predecessor-version":[{"id":19255,"href":"https:\/\/www.escoletablaucel.es\/ca\/wp-json\/wp\/v2\/pages\/2896\/revisions\/19255"}],"wp:featuredmedia":[{"embeddable":true,"href":"https:\/\/www.escoletablaucel.es\/ca\/wp-json\/wp\/v2\/media\/16915"}],"wp:attachment":[{"href":"https:\/\/www.escoletablaucel.es\/ca\/wp-json\/wp\/v2\/media?parent=2896"}],"curies":[{"name":"wp","href":"https:\/\/api.w.org\/{rel}","templated":true}]}}